{"id":790,"date":"2024-03-14T00:19:42","date_gmt":"2024-03-13T23:19:42","guid":{"rendered":"https:\/\/shs.sav.sk\/new\/?page_id=790"},"modified":"2025-04-04T23:50:12","modified_gmt":"2025-04-04T21:50:12","slug":"zjazdy-shs-pri-sav","status":"publish","type":"page","link":"https:\/\/shs.sav.sk\/index.php\/zjazdy-shs-pri-sav\/","title":{"rendered":"Zjazdy SHS pri SAV"},"content":{"rendered":"<p>[et_pb_section fb_built=&#8220;1&#8243; disabled_on=&#8220;off|off|off&#8220; _builder_version=&#8220;4.24.0&#8243; _module_preset=&#8220;default&#8220; background_image=&#8220;https:\/\/design3.testovacierozhranie.sk\/wp-content\/uploads\/2023\/11\/pozadie-shs-pri-sav-scaled.webp&#8220; parallax=&#8220;on&#8220; background_blend=&#8220;saturation&#8220; min_height_tablet=&#8220;&#8220; min_height_phone=&#8220;&#8220; min_height_last_edited=&#8220;on|desktop&#8220; da_disable_devices=&#8220;off|off|off&#8220; global_colors_info=&#8220;{}&#8220; da_is_popup=&#8220;off&#8220; da_exit_intent=&#8220;off&#8220; da_has_close=&#8220;on&#8220; da_alt_close=&#8220;off&#8220; da_dark_close=&#8220;off&#8220; da_not_modal=&#8220;on&#8220; da_is_singular=&#8220;off&#8220; da_with_loader=&#8220;off&#8220; da_has_shadow=&#8220;on&#8220;][et_pb_row column_structure=&#8220;1_3,1_3,1_3&#8243; _builder_version=&#8220;4.24.2&#8243; _module_preset=&#8220;default&#8220; global_colors_info=&#8220;{}&#8220;][et_pb_column type=&#8220;1_3&#8243; _builder_version=&#8220;4.24.2&#8243; _module_preset=&#8220;default&#8220; global_colors_info=&#8220;{}&#8220;][et_pb_text _builder_version=&#8220;4.24.2&#8243; _dynamic_attributes=&#8220;link_option_url&#8220; _module_preset=&#8220;default&#8220; background_color=&#8220;rgba(255,255,255,0.86)&#8220; background_enable_image=&#8220;off&#8220; background_blend=&#8220;screen&#8220; module_alignment=&#8220;center&#8220; custom_padding=&#8220;50px|50px|50px|50px|true|true&#8220; animation_style=&#8220;fade&#8220; link_option_url=&#8220;@ET-DC@eyJkeW5hbWljIjp0cnVlLCJjb250ZW50IjoicG9zdF9saW5rX3VybF9wYWdlIiwic2V0dGluZ3MiOnsicG9zdF9pZCI6IjE2MSJ9fQ==@&#8220; border_radii=&#8220;on|20px|20px|20px|20px&#8220; border_width_all=&#8220;2px&#8220; border_color_all=&#8220;#00389F&#8220; box_shadow_style=&#8220;preset1&#8243; global_colors_info=&#8220;{}&#8220; transform_styles__hover_enabled=&#8220;on|desktop&#8220; transform_scale__hover=&#8220;110%|110%&#8220; transform_scale__hover_enabled=&#8220;on|desktop&#8220; transform_translate__hover_enabled=&#8220;on|desktop&#8220; transform_rotate__hover_enabled=&#8220;on|desktop&#8220; transform_skew__hover_enabled=&#8220;on|desktop&#8220; transform_origin__hover_enabled=&#8220;on|desktop&#8220;]<\/p>\n<h1 style=\"text-align: center;\">XVI. zjazd 2022<br \/>Bansk\u00e1 Bystrica<\/h1>\n<p>[\/et_pb_text][\/et_pb_column][et_pb_column type=&#8220;1_3&#8243; _builder_version=&#8220;4.24.0&#8243; _module_preset=&#8220;default&#8220; animation_style=&#8220;fade&#8220; animation_starting_opacity=&#8220;100%&#8220; global_colors_info=&#8220;{}&#8220;][et_pb_text _builder_version=&#8220;4.24.2&#8243; _dynamic_attributes=&#8220;link_option_url&#8220; _module_preset=&#8220;default&#8220; background_color=&#8220;rgba(255,255,255,0.86)&#8220; background_enable_image=&#8220;off&#8220; background_blend=&#8220;screen&#8220; module_alignment=&#8220;center&#8220; custom_padding=&#8220;50px|50px|50px|50px|true|true&#8220; animation_style=&#8220;fade&#8220; link_option_url=&#8220;@ET-DC@eyJkeW5hbWljIjp0cnVlLCJjb250ZW50IjoicG9zdF9saW5rX3VybF9wYWdlIiwic2V0dGluZ3MiOnsicG9zdF9pZCI6IjE2MyJ9fQ==@&#8220; border_radii=&#8220;on|20px|20px|20px|20px&#8220; border_width_all=&#8220;2px&#8220; border_color_all=&#8220;#00389F&#8220; box_shadow_style=&#8220;preset1&#8243; global_colors_info=&#8220;{}&#8220; transform_styles__hover_enabled=&#8220;on|desktop&#8220; transform_scale__hover=&#8220;110%|110%&#8220; transform_scale__hover_enabled=&#8220;on|desktop&#8220; transform_translate__hover_enabled=&#8220;on|desktop&#8220; transform_rotate__hover_enabled=&#8220;on|desktop&#8220; transform_skew__hover_enabled=&#8220;on|desktop&#8220; transform_origin__hover_enabled=&#8220;on|desktop&#8220;]<\/p>\n<h1 style=\"text-align: center;\">XV. zjazd 2016<br \/>Skalica<\/h1>\n<p>[\/et_pb_text][\/et_pb_column][et_pb_column type=&#8220;1_3&#8243; _builder_version=&#8220;4.24.2&#8243; _module_preset=&#8220;default&#8220; global_colors_info=&#8220;{}&#8220;][et_pb_text _builder_version=&#8220;4.24.2&#8243; _dynamic_attributes=&#8220;link_option_url&#8220; _module_preset=&#8220;default&#8220; background_color=&#8220;rgba(255,255,255,0.86)&#8220; background_enable_image=&#8220;off&#8220; background_blend=&#8220;screen&#8220; module_alignment=&#8220;center&#8220; custom_padding=&#8220;50px|50px|50px|50px|true|true&#8220; animation_style=&#8220;fade&#8220; link_option_url=&#8220;@ET-DC@eyJkeW5hbWljIjp0cnVlLCJjb250ZW50IjoicG9zdF9saW5rX3VybF9wYWdlIiwic2V0dGluZ3MiOnsicG9zdF9pZCI6IjE2NSJ9fQ==@&#8220; border_radii=&#8220;on|20px|20px|20px|20px&#8220; border_width_all=&#8220;2px&#8220; border_color_all=&#8220;#00389F&#8220; box_shadow_style=&#8220;preset1&#8243; global_colors_info=&#8220;{}&#8220; transform_styles__hover_enabled=&#8220;on|desktop&#8220; transform_scale__hover=&#8220;110%|110%&#8220; transform_scale__hover_enabled=&#8220;on|desktop&#8220; transform_translate__hover_enabled=&#8220;on|desktop&#8220; transform_rotate__hover_enabled=&#8220;on|desktop&#8220; transform_skew__hover_enabled=&#8220;on|desktop&#8220; transform_origin__hover_enabled=&#8220;on|desktop&#8220;]<\/p>\n<h1 style=\"text-align: center;\">XIV. zjazd 2011<br \/>Pre\u0161ov<\/h1>\n<p>[\/et_pb_text][\/et_pb_column][\/et_pb_row][et_pb_row column_structure=&#8220;1_3,1_3,1_3&#8243; _builder_version=&#8220;4.24.2&#8243; _module_preset=&#8220;default&#8220; global_colors_info=&#8220;{}&#8220;][et_pb_column type=&#8220;1_3&#8243; _builder_version=&#8220;4.24.2&#8243; _module_preset=&#8220;default&#8220; global_colors_info=&#8220;{}&#8220;][et_pb_text _builder_version=&#8220;4.24.2&#8243; _dynamic_attributes=&#8220;link_option_url&#8220; _module_preset=&#8220;default&#8220; background_color=&#8220;rgba(255,255,255,0.86)&#8220; background_enable_image=&#8220;off&#8220; background_blend=&#8220;screen&#8220; module_alignment=&#8220;center&#8220; custom_padding=&#8220;50px|50px|50px|50px|true|true&#8220; animation_style=&#8220;fade&#8220; link_option_url=&#8220;@ET-DC@eyJkeW5hbWljIjp0cnVlLCJjb250ZW50IjoicG9zdF9saW5rX3VybF9wYWdlIiwic2V0dGluZ3MiOnsicG9zdF9pZCI6IjE2NyJ9fQ==@&#8220; border_radii=&#8220;on|20px|20px|20px|20px&#8220; border_width_all=&#8220;2px&#8220; border_color_all=&#8220;#00389F&#8220; box_shadow_style=&#8220;preset1&#8243; global_colors_info=&#8220;{}&#8220; transform_styles__hover_enabled=&#8220;on|desktop&#8220; transform_scale__hover=&#8220;110%|110%&#8220; transform_scale__hover_enabled=&#8220;on|desktop&#8220; transform_translate__hover_enabled=&#8220;on|desktop&#8220; transform_rotate__hover_enabled=&#8220;on|desktop&#8220; transform_skew__hover_enabled=&#8220;on|desktop&#8220; transform_origin__hover_enabled=&#8220;on|desktop&#8220;]<\/p>\n<h1 style=\"text-align: center;\">XIII. zjazd 2006<br \/>Bansk\u00e1 Bystrica<\/h1>\n<p>[\/et_pb_text][\/et_pb_column][et_pb_column type=&#8220;1_3&#8243; _builder_version=&#8220;4.24.2&#8243; _module_preset=&#8220;default&#8220; global_colors_info=&#8220;{}&#8220;][et_pb_text _builder_version=&#8220;4.24.2&#8243; _dynamic_attributes=&#8220;link_option_url&#8220; _module_preset=&#8220;default&#8220; background_color=&#8220;rgba(255,255,255,0.86)&#8220; background_enable_image=&#8220;off&#8220; background_blend=&#8220;screen&#8220; module_alignment=&#8220;center&#8220; custom_padding=&#8220;50px|50px|50px|50px|true|true&#8220; animation_style=&#8220;fade&#8220; link_option_url=&#8220;@ET-DC@eyJkeW5hbWljIjp0cnVlLCJjb250ZW50IjoicG9zdF9saW5rX3VybF9wYWdlIiwic2V0dGluZ3MiOnsicG9zdF9pZCI6IjE2OSJ9fQ==@&#8220; border_radii=&#8220;on|20px|20px|20px|20px&#8220; border_width_all=&#8220;2px&#8220; border_color_all=&#8220;#00389F&#8220; box_shadow_style=&#8220;preset1&#8243; global_colors_info=&#8220;{}&#8220; transform_styles__hover_enabled=&#8220;on|desktop&#8220; transform_scale__hover=&#8220;110%|110%&#8220; transform_scale__hover_enabled=&#8220;on|desktop&#8220; transform_translate__hover_enabled=&#8220;on|desktop&#8220; transform_rotate__hover_enabled=&#8220;on|desktop&#8220; transform_skew__hover_enabled=&#8220;on|desktop&#8220; transform_origin__hover_enabled=&#8220;on|desktop&#8220;]<\/p>\n<h1 style=\"text-align: center;\">XII. zjazd 2001<br \/>Smolenice<\/h1>\n<p>[\/et_pb_text][\/et_pb_column][et_pb_column type=&#8220;1_3&#8243; _builder_version=&#8220;4.22.1&#8243; _module_preset=&#8220;default&#8220; global_colors_info=&#8220;{}&#8220;][et_pb_text _builder_version=&#8220;4.24.2&#8243; _dynamic_attributes=&#8220;link_option_url&#8220; _module_preset=&#8220;default&#8220; background_color=&#8220;rgba(255,255,255,0.86)&#8220; background_enable_image=&#8220;off&#8220; background_blend=&#8220;screen&#8220; module_alignment=&#8220;center&#8220; custom_padding=&#8220;50px|50px|50px|50px|true|true&#8220; animation_style=&#8220;fade&#8220; link_option_url=&#8220;@ET-DC@eyJkeW5hbWljIjp0cnVlLCJjb250ZW50IjoicG9zdF9saW5rX3VybF9wYWdlIiwic2V0dGluZ3MiOnsicG9zdF9pZCI6IjE3MSJ9fQ==@&#8220; border_radii=&#8220;on|20px|20px|20px|20px&#8220; border_width_all=&#8220;2px&#8220; border_color_all=&#8220;#00389F&#8220; box_shadow_style=&#8220;preset1&#8243; global_colors_info=&#8220;{}&#8220; transform_styles__hover_enabled=&#8220;on|desktop&#8220; transform_scale__hover=&#8220;110%|110%&#8220; transform_scale__hover_enabled=&#8220;on|desktop&#8220; transform_translate__hover_enabled=&#8220;on|desktop&#8220; transform_rotate__hover_enabled=&#8220;on|desktop&#8220; transform_skew__hover_enabled=&#8220;on|desktop&#8220; transform_origin__hover_enabled=&#8220;on|desktop&#8220;]<\/p>\n<h1 style=\"text-align: center;\">XI. zjazd 1996<br \/>Tren\u010d\u00edn<\/h1>\n<p>[\/et_pb_text][\/et_pb_column][\/et_pb_row][et_pb_row column_structure=&#8220;1_3,1_3,1_3&#8243; _builder_version=&#8220;4.24.2&#8243; _module_preset=&#8220;default&#8220; global_colors_info=&#8220;{}&#8220;][et_pb_column type=&#8220;1_3&#8243; _builder_version=&#8220;4.24.2&#8243; _module_preset=&#8220;default&#8220; global_colors_info=&#8220;{}&#8220;][et_pb_text _builder_version=&#8220;4.24.2&#8243; _dynamic_attributes=&#8220;link_option_url&#8220; _module_preset=&#8220;default&#8220; background_color=&#8220;rgba(255,255,255,0.86)&#8220; background_enable_image=&#8220;off&#8220; background_blend=&#8220;screen&#8220; module_alignment=&#8220;center&#8220; custom_padding=&#8220;50px|50px|50px|50px|true|true&#8220; animation_style=&#8220;fade&#8220; link_option_url=&#8220;@ET-DC@eyJkeW5hbWljIjp0cnVlLCJjb250ZW50IjoicG9zdF9saW5rX3VybF9wYWdlIiwic2V0dGluZ3MiOnsicG9zdF9pZCI6IjE3MyJ9fQ==@&#8220; border_radii=&#8220;on|20px|20px|20px|20px&#8220; border_width_all=&#8220;2px&#8220; border_color_all=&#8220;#00389F&#8220; box_shadow_style=&#8220;preset1&#8243; global_colors_info=&#8220;{}&#8220; transform_styles__hover_enabled=&#8220;on|desktop&#8220; transform_scale__hover=&#8220;110%|110%&#8220; transform_scale__hover_enabled=&#8220;on|desktop&#8220; transform_translate__hover_enabled=&#8220;on|desktop&#8220; transform_rotate__hover_enabled=&#8220;on|desktop&#8220; transform_skew__hover_enabled=&#8220;on|desktop&#8220; transform_origin__hover_enabled=&#8220;on|desktop&#8220;]<\/p>\n<h1 style=\"text-align: center;\">X. zjazd 1991<br \/>Bratislava<\/h1>\n<p>[\/et_pb_text][\/et_pb_column][et_pb_column type=&#8220;1_3&#8243; _builder_version=&#8220;4.24.2&#8243; _module_preset=&#8220;default&#8220; global_colors_info=&#8220;{}&#8220;][et_pb_text _builder_version=&#8220;4.24.2&#8243; _dynamic_attributes=&#8220;link_option_url&#8220; _module_preset=&#8220;default&#8220; background_color=&#8220;rgba(255,255,255,0.86)&#8220; background_enable_image=&#8220;off&#8220; background_blend=&#8220;screen&#8220; module_alignment=&#8220;center&#8220; custom_padding=&#8220;50px|50px|50px|50px|true|true&#8220; animation_style=&#8220;fade&#8220; link_option_url=&#8220;@ET-DC@eyJkeW5hbWljIjp0cnVlLCJjb250ZW50IjoicG9zdF9saW5rX3VybF9wYWdlIiwic2V0dGluZ3MiOnsicG9zdF9pZCI6IjE3NSJ9fQ==@&#8220; border_radii=&#8220;on|20px|20px|20px|20px&#8220; border_width_all=&#8220;2px&#8220; border_color_all=&#8220;#00389F&#8220; box_shadow_style=&#8220;preset1&#8243; global_colors_info=&#8220;{}&#8220; transform_styles__hover_enabled=&#8220;on|desktop&#8220; transform_scale__hover=&#8220;110%|110%&#8220; transform_scale__hover_enabled=&#8220;on|desktop&#8220; transform_translate__hover_enabled=&#8220;on|desktop&#8220; transform_rotate__hover_enabled=&#8220;on|desktop&#8220; transform_skew__hover_enabled=&#8220;on|desktop&#8220; transform_origin__hover_enabled=&#8220;on|desktop&#8220;]<\/p>\n<h1 style=\"text-align: center;\">IX. zjazd 1986<br \/>Nitra<\/h1>\n<p>[\/et_pb_text][\/et_pb_column][et_pb_column type=&#8220;1_3&#8243; _builder_version=&#8220;4.22.1&#8243; _module_preset=&#8220;default&#8220; global_colors_info=&#8220;{}&#8220;][et_pb_text _builder_version=&#8220;4.24.2&#8243; _dynamic_attributes=&#8220;link_option_url&#8220; _module_preset=&#8220;default&#8220; background_color=&#8220;rgba(255,255,255,0.86)&#8220; background_enable_image=&#8220;off&#8220; background_blend=&#8220;screen&#8220; module_alignment=&#8220;center&#8220; custom_padding=&#8220;50px|50px|50px|50px|true|true&#8220; animation_style=&#8220;fade&#8220; link_option_url=&#8220;@ET-DC@eyJkeW5hbWljIjp0cnVlLCJjb250ZW50IjoicG9zdF9saW5rX3VybF9wYWdlIiwic2V0dGluZ3MiOnsicG9zdF9pZCI6IjE3NyJ9fQ==@&#8220; border_radii=&#8220;on|20px|20px|20px|20px&#8220; border_width_all=&#8220;2px&#8220; border_color_all=&#8220;#00389F&#8220; box_shadow_style=&#8220;preset1&#8243; global_colors_info=&#8220;{}&#8220; transform_styles__hover_enabled=&#8220;on|desktop&#8220; transform_scale__hover=&#8220;110%|110%&#8220; transform_scale__hover_enabled=&#8220;on|desktop&#8220; transform_translate__hover_enabled=&#8220;on|desktop&#8220; transform_rotate__hover_enabled=&#8220;on|desktop&#8220; transform_skew__hover_enabled=&#8220;on|desktop&#8220; transform_origin__hover_enabled=&#8220;on|desktop&#8220;]<\/p>\n<h1 style=\"text-align: center;\">VIII. zjazd 1981<br \/>Bratislava<\/h1>\n<p>[\/et_pb_text][\/et_pb_column][\/et_pb_row][et_pb_row column_structure=&#8220;1_3,1_3,1_3&#8243; _builder_version=&#8220;4.24.2&#8243; _module_preset=&#8220;default&#8220; global_colors_info=&#8220;{}&#8220;][et_pb_column type=&#8220;1_3&#8243; _builder_version=&#8220;4.24.2&#8243; _module_preset=&#8220;default&#8220; global_colors_info=&#8220;{}&#8220;][et_pb_text _builder_version=&#8220;4.24.2&#8243; _dynamic_attributes=&#8220;link_option_url&#8220; _module_preset=&#8220;default&#8220; background_color=&#8220;rgba(255,255,255,0.86)&#8220; background_enable_image=&#8220;off&#8220; background_blend=&#8220;screen&#8220; module_alignment=&#8220;center&#8220; custom_padding=&#8220;50px|50px|50px|50px|true|true&#8220; animation_style=&#8220;fade&#8220; link_option_url=&#8220;@ET-DC@eyJkeW5hbWljIjp0cnVlLCJjb250ZW50IjoicG9zdF9saW5rX3VybF9wYWdlIiwic2V0dGluZ3MiOnsicG9zdF9pZCI6IjE3OSJ9fQ==@&#8220; border_radii=&#8220;on|20px|20px|20px|20px&#8220; border_width_all=&#8220;2px&#8220; border_color_all=&#8220;#00389F&#8220; box_shadow_style=&#8220;preset1&#8243; global_colors_info=&#8220;{}&#8220; transform_styles__hover_enabled=&#8220;on|desktop&#8220; transform_scale__hover=&#8220;110%|110%&#8220; transform_scale__hover_enabled=&#8220;on|desktop&#8220; transform_translate__hover_enabled=&#8220;on|desktop&#8220; transform_rotate__hover_enabled=&#8220;on|desktop&#8220; transform_skew__hover_enabled=&#8220;on|desktop&#8220; transform_origin__hover_enabled=&#8220;on|desktop&#8220;]<\/p>\n<h1 style=\"text-align: center;\">VII. zjazd 1975<br \/>Bratislava<\/h1>\n<p>[\/et_pb_text][\/et_pb_column][et_pb_column type=&#8220;1_3&#8243; _builder_version=&#8220;4.24.2&#8243; _module_preset=&#8220;default&#8220; global_colors_info=&#8220;{}&#8220;][et_pb_text _builder_version=&#8220;4.24.2&#8243; _dynamic_attributes=&#8220;link_option_url&#8220; _module_preset=&#8220;default&#8220; background_color=&#8220;rgba(255,255,255,0.86)&#8220; background_enable_image=&#8220;off&#8220; background_blend=&#8220;screen&#8220; module_alignment=&#8220;center&#8220; custom_padding=&#8220;50px|50px|50px|50px|true|true&#8220; animation_style=&#8220;fade&#8220; link_option_url=&#8220;@ET-DC@eyJkeW5hbWljIjp0cnVlLCJjb250ZW50IjoicG9zdF9saW5rX3VybF9wYWdlIiwic2V0dGluZ3MiOnsicG9zdF9pZCI6IjE4MSJ9fQ==@&#8220; border_radii=&#8220;on|20px|20px|20px|20px&#8220; border_width_all=&#8220;2px&#8220; border_color_all=&#8220;#00389F&#8220; box_shadow_style=&#8220;preset1&#8243; global_colors_info=&#8220;{}&#8220; transform_styles__hover_enabled=&#8220;on|desktop&#8220; transform_scale__hover=&#8220;110%|110%&#8220; transform_scale__hover_enabled=&#8220;on|desktop&#8220; transform_translate__hover_enabled=&#8220;on|desktop&#8220; transform_rotate__hover_enabled=&#8220;on|desktop&#8220; transform_skew__hover_enabled=&#8220;on|desktop&#8220; transform_origin__hover_enabled=&#8220;on|desktop&#8220;]<\/p>\n<h1 style=\"text-align: center;\">VI. zjazd 1968<br \/>Martin<\/h1>\n<p>[\/et_pb_text][\/et_pb_column][et_pb_column type=&#8220;1_3&#8243; _builder_version=&#8220;4.22.1&#8243; _module_preset=&#8220;default&#8220; global_colors_info=&#8220;{}&#8220;][et_pb_text _builder_version=&#8220;4.24.2&#8243; _dynamic_attributes=&#8220;link_option_url&#8220; _module_preset=&#8220;default&#8220; background_color=&#8220;rgba(255,255,255,0.86)&#8220; background_enable_image=&#8220;off&#8220; background_blend=&#8220;screen&#8220; module_alignment=&#8220;center&#8220; custom_padding=&#8220;50px|50px|50px|50px|true|true&#8220; animation_style=&#8220;fade&#8220; link_option_url=&#8220;@ET-DC@eyJkeW5hbWljIjp0cnVlLCJjb250ZW50IjoicG9zdF9saW5rX3VybF9wYWdlIiwic2V0dGluZ3MiOnsicG9zdF9pZCI6IjE4MyJ9fQ==@&#8220; border_radii=&#8220;on|20px|20px|20px|20px&#8220; border_width_all=&#8220;2px&#8220; border_color_all=&#8220;#00389F&#8220; box_shadow_style=&#8220;preset1&#8243; global_colors_info=&#8220;{}&#8220; transform_styles__hover_enabled=&#8220;on|desktop&#8220; transform_scale__hover=&#8220;110%|110%&#8220; transform_scale__hover_enabled=&#8220;on|desktop&#8220; transform_translate__hover_enabled=&#8220;on|desktop&#8220; transform_rotate__hover_enabled=&#8220;on|desktop&#8220; transform_skew__hover_enabled=&#8220;on|desktop&#8220; transform_origin__hover_enabled=&#8220;on|desktop&#8220;]<\/p>\n<h1 style=\"text-align: center;\">V. zjazd 1965<br \/>Bansk\u00e1 Bystrica<\/h1>\n<p>[\/et_pb_text][\/et_pb_column][\/et_pb_row][et_pb_row column_structure=&#8220;1_3,1_3,1_3&#8243; _builder_version=&#8220;4.24.2&#8243; _module_preset=&#8220;default&#8220; global_colors_info=&#8220;{}&#8220;][et_pb_column type=&#8220;1_3&#8243; _builder_version=&#8220;4.24.2&#8243; _module_preset=&#8220;default&#8220; global_colors_info=&#8220;{}&#8220;][et_pb_text _builder_version=&#8220;4.24.2&#8243; _dynamic_attributes=&#8220;link_option_url&#8220; _module_preset=&#8220;default&#8220; background_color=&#8220;rgba(255,255,255,0.86)&#8220; background_enable_image=&#8220;off&#8220; background_blend=&#8220;screen&#8220; module_alignment=&#8220;center&#8220; custom_padding=&#8220;50px|50px|50px|50px|true|true&#8220; animation_style=&#8220;fade&#8220; link_option_url=&#8220;@ET-DC@eyJkeW5hbWljIjp0cnVlLCJjb250ZW50IjoicG9zdF9saW5rX3VybF9wYWdlIiwic2V0dGluZ3MiOnsicG9zdF9pZCI6IjE4NSJ9fQ==@&#8220; border_radii=&#8220;on|20px|20px|20px|20px&#8220; border_width_all=&#8220;2px&#8220; border_color_all=&#8220;#00389F&#8220; box_shadow_style=&#8220;preset1&#8243; global_colors_info=&#8220;{}&#8220; transform_styles__hover_enabled=&#8220;on|desktop&#8220; transform_scale__hover=&#8220;110%|110%&#8220; transform_scale__hover_enabled=&#8220;on|desktop&#8220; transform_translate__hover_enabled=&#8220;on|desktop&#8220; transform_rotate__hover_enabled=&#8220;on|desktop&#8220; transform_skew__hover_enabled=&#8220;on|desktop&#8220; transform_origin__hover_enabled=&#8220;on|desktop&#8220;]<\/p>\n<h1 style=\"text-align: center;\">IV. zjazd 1962<br \/>Ko\u0161ice<\/h1>\n<p>[\/et_pb_text][\/et_pb_column][et_pb_column type=&#8220;1_3&#8243; _builder_version=&#8220;4.24.2&#8243; _module_preset=&#8220;default&#8220; global_colors_info=&#8220;{}&#8220;][et_pb_text _builder_version=&#8220;4.24.2&#8243; _dynamic_attributes=&#8220;link_option_url&#8220; _module_preset=&#8220;default&#8220; background_color=&#8220;rgba(255,255,255,0.86)&#8220; background_enable_image=&#8220;off&#8220; background_blend=&#8220;screen&#8220; module_alignment=&#8220;center&#8220; custom_padding=&#8220;50px|50px|50px|50px|true|true&#8220; animation_style=&#8220;fade&#8220; link_option_url=&#8220;@ET-DC@eyJkeW5hbWljIjp0cnVlLCJjb250ZW50IjoicG9zdF9saW5rX3VybF9wYWdlIiwic2V0dGluZ3MiOnsicG9zdF9pZCI6IjE4OSJ9fQ==@&#8220; border_radii=&#8220;on|20px|20px|20px|20px&#8220; border_width_all=&#8220;2px&#8220; border_color_all=&#8220;#00389F&#8220; box_shadow_style=&#8220;preset1&#8243; global_colors_info=&#8220;{}&#8220; transform_styles__hover_enabled=&#8220;on|desktop&#8220; transform_scale__hover=&#8220;110%|110%&#8220; transform_scale__hover_enabled=&#8220;on|desktop&#8220; transform_translate__hover_enabled=&#8220;on|desktop&#8220; transform_rotate__hover_enabled=&#8220;on|desktop&#8220; transform_skew__hover_enabled=&#8220;on|desktop&#8220; transform_origin__hover_enabled=&#8220;on|desktop&#8220;]<\/p>\n<h1 style=\"text-align: center;\">III. zjazd 1959<br \/>Bratislava<\/h1>\n<p>[\/et_pb_text][\/et_pb_column][et_pb_column type=&#8220;1_3&#8243; _builder_version=&#8220;4.22.1&#8243; _module_preset=&#8220;default&#8220; global_colors_info=&#8220;{}&#8220;][et_pb_text _builder_version=&#8220;4.24.2&#8243; _dynamic_attributes=&#8220;link_option_url&#8220; _module_preset=&#8220;default&#8220; background_color=&#8220;rgba(255,255,255,0.86)&#8220; background_enable_image=&#8220;off&#8220; background_blend=&#8220;screen&#8220; module_alignment=&#8220;center&#8220; custom_padding=&#8220;50px|50px|50px|50px|true|true&#8220; animation_style=&#8220;fade&#8220; link_option_url=&#8220;@ET-DC@eyJkeW5hbWljIjp0cnVlLCJjb250ZW50IjoicG9zdF9saW5rX3VybF9wYWdlIiwic2V0dGluZ3MiOnsicG9zdF9pZCI6IjE5MSJ9fQ==@&#8220; border_radii=&#8220;on|20px|20px|20px|20px&#8220; border_width_all=&#8220;2px&#8220; border_color_all=&#8220;#00389F&#8220; box_shadow_style=&#8220;preset1&#8243; global_colors_info=&#8220;{}&#8220; transform_styles__hover_enabled=&#8220;on|desktop&#8220; transform_scale__hover=&#8220;110%|110%&#8220; transform_scale__hover_enabled=&#8220;on|desktop&#8220; transform_translate__hover_enabled=&#8220;on|desktop&#8220; transform_rotate__hover_enabled=&#8220;on|desktop&#8220; transform_skew__hover_enabled=&#8220;on|desktop&#8220; transform_origin__hover_enabled=&#8220;on|desktop&#8220;]<\/p>\n<h1 style=\"text-align: center;\">II. zjazd 1948<br \/>Ko\u0161ice<\/h1>\n<p>[\/et_pb_text][\/et_pb_column][\/et_pb_row][et_pb_row column_structure=&#8220;1_3,1_3,1_3&#8243; _builder_version=&#8220;4.24.2&#8243; _module_preset=&#8220;default&#8220; global_colors_info=&#8220;{}&#8220;][et_pb_column type=&#8220;1_3&#8243; _builder_version=&#8220;4.24.2&#8243; _module_preset=&#8220;default&#8220; global_colors_info=&#8220;{}&#8220;][et_pb_text _builder_version=&#8220;4.24.2&#8243; _dynamic_attributes=&#8220;link_option_url&#8220; _module_preset=&#8220;default&#8220; background_color=&#8220;rgba(255,255,255,0.86)&#8220; background_enable_image=&#8220;off&#8220; background_blend=&#8220;screen&#8220; module_alignment=&#8220;center&#8220; custom_padding=&#8220;50px|50px|50px|50px|true|true&#8220; animation_style=&#8220;fade&#8220; link_option_url=&#8220;@ET-DC@eyJkeW5hbWljIjp0cnVlLCJjb250ZW50IjoicG9zdF9saW5rX3VybF9wYWdlIiwic2V0dGluZ3MiOnsicG9zdF9pZCI6IjE5MyJ9fQ==@&#8220; border_radii=&#8220;on|20px|20px|20px|20px&#8220; border_width_all=&#8220;2px&#8220; border_color_all=&#8220;#00389F&#8220; box_shadow_style=&#8220;preset1&#8243; global_colors_info=&#8220;{}&#8220; transform_styles__hover_enabled=&#8220;on|desktop&#8220; transform_scale__hover=&#8220;110%|110%&#8220; transform_scale__hover_enabled=&#8220;on|desktop&#8220; transform_translate__hover_enabled=&#8220;on|desktop&#8220; transform_rotate__hover_enabled=&#8220;on|desktop&#8220; transform_skew__hover_enabled=&#8220;on|desktop&#8220; transform_origin__hover_enabled=&#8220;on|desktop&#8220;]<\/p>\n<h1 style=\"text-align: center;\">I. zjazd 1946<br \/>Pie\u0161\u0165any<\/h1>\n<p>[\/et_pb_text][\/et_pb_column][et_pb_column type=&#8220;1_3&#8243; _builder_version=&#8220;4.24.2&#8243; _module_preset=&#8220;default&#8220; global_colors_info=&#8220;{}&#8220;][\/et_pb_column][et_pb_column type=&#8220;1_3&#8243; _builder_version=&#8220;4.22.1&#8243; _module_preset=&#8220;default&#8220; global_colors_info=&#8220;{}&#8220;][\/et_pb_column][\/et_pb_row][\/et_pb_section]<\/p>\n","protected":false},"excerpt":{"rendered":"<p>XVI. zjazd 2022Bansk\u00e1 BystricaXV. zjazd 2016SkalicaXIV. zjazd 2011Pre\u0161ovXIII. zjazd 2006Bansk\u00e1 BystricaXII. zjazd 2001SmoleniceXI. zjazd 1996Tren\u010d\u00ednX. zjazd 1991BratislavaIX. zjazd 1986NitraVIII. zjazd 1981BratislavaVII. zjazd 1975BratislavaVI. zjazd 1968MartinV. zjazd 1965Bansk\u00e1 BystricaIV. zjazd 1962Ko\u0161iceIII. zjazd 1959BratislavaII. zjazd 1948Ko\u0161iceI. zjazd 1946Pie\u0161\u0165any<\/p>\n","protected":false},"author":1,"featured_media":0,"parent":0,"menu_order":129,"comment_status":"closed","ping_status":"closed","template":"","meta":{"_acf_changed":false,"_et_pb_use_builder":"on","_et_pb_old_content":"<!-- wp:post-featured-image \/-->\n\n<!-- wp:social-links {\"className\":\"is-style-logos-only\"} -->\n<ul class=\"wp-block-social-links is-style-logos-only\"><\/ul>\n<!-- \/wp:social-links -->\n\n<!-- wp:paragraph -->\n<p>Slovensk\u00e1 historick\u00e1 spolo\u010dnos\u0165 pri Slovenskej akad\u00e9mii vied (SHS pri SAV) je dobrovo\u013en\u00e1, v\u00fdberov\u00e1 organiz\u00e1cia, ktor\u00e1 zdru\u017euje profesion\u00e1lnych historikov, u\u010dite\u013eov dejepisu, archiv\u00e1rov a m\u00fazejn\u00edkov v Slovenskej republike. SHS pri SAV je jednou z vedeck\u00fdch spolo\u010dnost\u00ed pri SAV, ktor\u00e9 sa zdru\u017euj\u00fa v Rade slovensk\u00fdch vedeck\u00fdch spolo\u010dnost\u00ed.<\/p>\n<!-- \/wp:paragraph -->\n\n<!-- wp:paragraph -->\n<p>Cie\u013eom SHS pri SAV je podporova\u0165 vedeck\u00fd v\u00fdskum v oblasti hist\u00f3rie a pr\u00edbuzn\u00fdch vedn\u00fdch discipl\u00edn, ako aj \u0161\u00edri\u0165 poznatky o dejin\u00e1ch v spolo\u010dnosti. Jej \u00falohou je prispieva\u0165 k formovaniu historick\u00e9ho vedomia ob\u010danov Slovenskej republiky, ktor\u00e9 je zalo\u017een\u00e9 na vedeckom pozn\u00e1van\u00ed n\u00e1rodn\u00fdch a svetov\u00fdch dej\u00edn.<\/p>\n<!-- \/wp:paragraph -->\n\n<!-- wp:paragraph -->\n<p>SHS pri SAV v\u0161emo\u017ene podporuje vedeck\u00fd v\u00fdskum a populariz\u00e1ciu hist\u00f3rie formou organizovania zjazdov, konferenci\u00ed, symp\u00f3zi\u00ed a tie\u017e organizovan\u00edm predn\u00e1\u0161ok a besied pre verejnos\u0165.<\/p>\n<!-- \/wp:paragraph -->\n\n<!-- wp:paragraph -->\n<p>SHS pri SAV sa riadi stanovami. \u010clen\u00ed sa na sekcie, ktor\u00e9 s\u00fa odborn\u00e9 a region\u00e1lne. Najvy\u0161\u0161\u00edm org\u00e1nom SHS pri SAV je Valn\u00e9 zhroma\u017edenie, ktor\u00e9 vol\u00ed V\u00fdbor SHS. V\u00fdbor na \u010dele s predsedom riadi \u010dinnos\u0165 SHS pri SAV v obdob\u00ed medzi Valn\u00fdmi zhroma\u017edeniami.<\/p>\n<!-- \/wp:paragraph -->\n\n<!-- wp:paragraph -->\n<p><\/p>\n<!-- \/wp:paragraph -->\n\n<!-- wp:paragraph -->\n<p><\/p>\n<!-- \/wp:paragraph -->","_et_gb_content_width":"795","iawp_total_views":223,"footnotes":""},"class_list":["post-790","page","type-page","status-publish","hentry"],"acf":[],"yoast_head":"<!-- This site is optimized with the Yoast SEO plugin v27.4 - https:\/\/yoast.com\/product\/yoast-seo-wordpress\/ -->\n<title>Zjazdy SHS pri SAV - Slovensk\u00e1 historick\u00e1 spolo\u010dnos\u0165 pri SAV<\/title>\n<meta name=\"robots\" content=\"index, follow, max-snippet:-1, max-image-preview:large, max-video-preview:-1\" \/>\n<link rel=\"canonical\" href=\"https:\/\/shs.sav.sk\/index.php\/zjazdy-shs-pri-sav\/\" \/>\n<meta property=\"og:locale\" content=\"sk_SK\" \/>\n<meta property=\"og:type\" content=\"article\" \/>\n<meta property=\"og:title\" content=\"Zjazdy SHS pri SAV - Slovensk\u00e1 historick\u00e1 spolo\u010dnos\u0165 pri SAV\" \/>\n<meta property=\"og:description\" content=\"XVI. zjazd 2022Bansk\u00e1 BystricaXV. zjazd 2016SkalicaXIV. zjazd 2011Pre\u0161ovXIII. zjazd 2006Bansk\u00e1 BystricaXII. zjazd 2001SmoleniceXI. zjazd 1996Tren\u010d\u00ednX. zjazd 1991BratislavaIX. zjazd 1986NitraVIII. zjazd 1981BratislavaVII. zjazd 1975BratislavaVI. zjazd 1968MartinV. zjazd 1965Bansk\u00e1 BystricaIV. zjazd 1962Ko\u0161iceIII. zjazd 1959BratislavaII. zjazd 1948Ko\u0161iceI. zjazd 1946Pie\u0161\u0165any\" \/>\n<meta property=\"og:url\" content=\"https:\/\/shs.sav.sk\/index.php\/zjazdy-shs-pri-sav\/\" \/>\n<meta property=\"og:site_name\" content=\"Slovensk\u00e1 historick\u00e1 spolo\u010dnos\u0165 pri SAV\" \/>\n<meta property=\"article:modified_time\" content=\"2025-04-04T21:50:12+00:00\" \/>\n<meta name=\"twitter:card\" content=\"summary_large_image\" \/>\n<meta name=\"twitter:label1\" content=\"Predpokladan\u00fd \u010das \u010d\u00edtania\" \/>\n\t<meta name=\"twitter:data1\" content=\"12 min\u00fat\" \/>\n<script type=\"application\/ld+json\" class=\"yoast-schema-graph\">{\"@context\":\"https:\\\/\\\/schema.org\",\"@graph\":[{\"@type\":\"WebPage\",\"@id\":\"https:\\\/\\\/shs.sav.sk\\\/index.php\\\/zjazdy-shs-pri-sav\\\/\",\"url\":\"https:\\\/\\\/shs.sav.sk\\\/index.php\\\/zjazdy-shs-pri-sav\\\/\",\"name\":\"Zjazdy SHS pri SAV - Slovensk\u00e1 historick\u00e1 spolo\u010dnos\u0165 pri SAV\",\"isPartOf\":{\"@id\":\"https:\\\/\\\/shs.sav.sk\\\/#website\"},\"datePublished\":\"2024-03-13T23:19:42+00:00\",\"dateModified\":\"2025-04-04T21:50:12+00:00\",\"breadcrumb\":{\"@id\":\"https:\\\/\\\/shs.sav.sk\\\/index.php\\\/zjazdy-shs-pri-sav\\\/#breadcrumb\"},\"inLanguage\":\"sk-SK\",\"potentialAction\":[{\"@type\":\"ReadAction\",\"target\":[\"https:\\\/\\\/shs.sav.sk\\\/index.php\\\/zjazdy-shs-pri-sav\\\/\"]}]},{\"@type\":\"BreadcrumbList\",\"@id\":\"https:\\\/\\\/shs.sav.sk\\\/index.php\\\/zjazdy-shs-pri-sav\\\/#breadcrumb\",\"itemListElement\":[{\"@type\":\"ListItem\",\"position\":1,\"name\":\"Domovsk\u00e1 str\u00e1nka\",\"item\":\"https:\\\/\\\/shs.sav.sk\\\/\"},{\"@type\":\"ListItem\",\"position\":2,\"name\":\"Zjazdy SHS pri SAV\"}]},{\"@type\":\"WebSite\",\"@id\":\"https:\\\/\\\/shs.sav.sk\\\/#website\",\"url\":\"https:\\\/\\\/shs.sav.sk\\\/\",\"name\":\"Slovensk\u00e1 historick\u00e1 spolo\u010dnos\u0165 pri SAV\",\"description\":\"\",\"potentialAction\":[{\"@type\":\"SearchAction\",\"target\":{\"@type\":\"EntryPoint\",\"urlTemplate\":\"https:\\\/\\\/shs.sav.sk\\\/?s={search_term_string}\"},\"query-input\":{\"@type\":\"PropertyValueSpecification\",\"valueRequired\":true,\"valueName\":\"search_term_string\"}}],\"inLanguage\":\"sk-SK\"}]}<\/script>\n<!-- \/ Yoast SEO plugin. -->","yoast_head_json":{"title":"Zjazdy SHS pri SAV - Slovensk\u00e1 historick\u00e1 spolo\u010dnos\u0165 pri SAV","robots":{"index":"index","follow":"follow","max-snippet":"max-snippet:-1","max-image-preview":"max-image-preview:large","max-video-preview":"max-video-preview:-1"},"canonical":"https:\/\/shs.sav.sk\/index.php\/zjazdy-shs-pri-sav\/","og_locale":"sk_SK","og_type":"article","og_title":"Zjazdy SHS pri SAV - Slovensk\u00e1 historick\u00e1 spolo\u010dnos\u0165 pri SAV","og_description":"XVI. zjazd 2022Bansk\u00e1 BystricaXV. zjazd 2016SkalicaXIV. zjazd 2011Pre\u0161ovXIII. zjazd 2006Bansk\u00e1 BystricaXII. zjazd 2001SmoleniceXI. zjazd 1996Tren\u010d\u00ednX. zjazd 1991BratislavaIX. zjazd 1986NitraVIII. zjazd 1981BratislavaVII. zjazd 1975BratislavaVI. zjazd 1968MartinV. zjazd 1965Bansk\u00e1 BystricaIV. zjazd 1962Ko\u0161iceIII. zjazd 1959BratislavaII. zjazd 1948Ko\u0161iceI. zjazd 1946Pie\u0161\u0165any","og_url":"https:\/\/shs.sav.sk\/index.php\/zjazdy-shs-pri-sav\/","og_site_name":"Slovensk\u00e1 historick\u00e1 spolo\u010dnos\u0165 pri SAV","article_modified_time":"2025-04-04T21:50:12+00:00","twitter_card":"summary_large_image","twitter_misc":{"Predpokladan\u00fd \u010das \u010d\u00edtania":"12 min\u00fat"},"schema":{"@context":"https:\/\/schema.org","@graph":[{"@type":"WebPage","@id":"https:\/\/shs.sav.sk\/index.php\/zjazdy-shs-pri-sav\/","url":"https:\/\/shs.sav.sk\/index.php\/zjazdy-shs-pri-sav\/","name":"Zjazdy SHS pri SAV - Slovensk\u00e1 historick\u00e1 spolo\u010dnos\u0165 pri SAV","isPartOf":{"@id":"https:\/\/shs.sav.sk\/#website"},"datePublished":"2024-03-13T23:19:42+00:00","dateModified":"2025-04-04T21:50:12+00:00","breadcrumb":{"@id":"https:\/\/shs.sav.sk\/index.php\/zjazdy-shs-pri-sav\/#breadcrumb"},"inLanguage":"sk-SK","potentialAction":[{"@type":"ReadAction","target":["https:\/\/shs.sav.sk\/index.php\/zjazdy-shs-pri-sav\/"]}]},{"@type":"BreadcrumbList","@id":"https:\/\/shs.sav.sk\/index.php\/zjazdy-shs-pri-sav\/#breadcrumb","itemListElement":[{"@type":"ListItem","position":1,"name":"Domovsk\u00e1 str\u00e1nka","item":"https:\/\/shs.sav.sk\/"},{"@type":"ListItem","position":2,"name":"Zjazdy SHS pri SAV"}]},{"@type":"WebSite","@id":"https:\/\/shs.sav.sk\/#website","url":"https:\/\/shs.sav.sk\/","name":"Slovensk\u00e1 historick\u00e1 spolo\u010dnos\u0165 pri SAV","description":"","potentialAction":[{"@type":"SearchAction","target":{"@type":"EntryPoint","urlTemplate":"https:\/\/shs.sav.sk\/?s={search_term_string}"},"query-input":{"@type":"PropertyValueSpecification","valueRequired":true,"valueName":"search_term_string"}}],"inLanguage":"sk-SK"}]}},"_links":{"self":[{"href":"https:\/\/shs.sav.sk\/index.php\/wp-json\/wp\/v2\/pages\/790","targetHints":{"allow":["GET"]}}],"collection":[{"href":"https:\/\/shs.sav.sk\/index.php\/wp-json\/wp\/v2\/pages"}],"about":[{"href":"https:\/\/shs.sav.sk\/index.php\/wp-json\/wp\/v2\/types\/page"}],"author":[{"embeddable":true,"href":"https:\/\/shs.sav.sk\/index.php\/wp-json\/wp\/v2\/users\/1"}],"replies":[{"embeddable":true,"href":"https:\/\/shs.sav.sk\/index.php\/wp-json\/wp\/v2\/comments?post=790"}],"version-history":[{"count":5,"href":"https:\/\/shs.sav.sk\/index.php\/wp-json\/wp\/v2\/pages\/790\/revisions"}],"predecessor-version":[{"id":890,"href":"https:\/\/shs.sav.sk\/index.php\/wp-json\/wp\/v2\/pages\/790\/revisions\/890"}],"wp:attachment":[{"href":"https:\/\/shs.sav.sk\/index.php\/wp-json\/wp\/v2\/media?parent=790"}],"curies":[{"name":"wp","href":"https:\/\/api.w.org\/{rel}","templated":true}]}}